{"id":5368,"date":"2021-12-24T12:52:26","date_gmt":"2021-12-24T11:52:26","guid":{"rendered":"http:\/\/astragal.cz\/?page_id=5368"},"modified":"2021-12-24T13:43:35","modified_gmt":"2021-12-24T12:43:35","slug":"poselstvi-na-rok-2022","status":"publish","type":"page","link":"https:\/\/astragal.cz\/index.php\/poselstvi-na-rok-2022\/","title":{"rendered":"Poselstv\u00ed na rok 2022"},"content":{"rendered":"\n<p>Poj\u010fme se pod\u00edvat v jak\u00e9m duchu se ponese rok nach\u00e1zej\u00edc\u00ed a jak\u00e9 energie budou v tomto \u010dase p\u0159evl\u00e1dat.<\/p>\n\n\n\n<p>Za\u010d\u00e1tek nov\u00e9ho roku se bude jevit beze zm\u011bny &#8211; m\u016f\u017ee m\u00edt pocit, \u017ee se star\u00e9 energie nikam nepohnuly, trvaj\u00ed a \u017ee se nic nikam neposunulo. Bude m\u00edt tendenci propadat skepsi, \u017ee se nov\u00e9 za\u010d\u00e1tky, kter\u00e9 jsme tak netrp\u011bliv\u011b o\u010dek\u00e1valy, nekonaj\u00ed.<\/p>\n\n\n\n<p>Tento stav je v\u0161ak p\u0159echodn\u00fd, velmi rychle pomine a  p\u0159ijde zm\u011bna. Radostn\u00e1, nad\u011bjn\u00e1, pr\u016flomov\u00e1.<\/p>\n\n\n\n<p>V\u011bci se za\u010dnou h\u00fdbat kup\u0159edu a my budeme m\u00edt mo\u017enost plnit si sv\u00e9 sny. Celkov\u011b by se rok 2022 m\u011bl n\u00e9st ve sv\u011btle dobr\u00fdch energi\u00ed a zm\u011bn.<\/p>\n\n\n\n<p>To ov\u0161em neznamen\u00e1, \u017ee nemohou potkat p\u0159ek\u00e1\u017eky a nep\u0159\u00edjemnosti, ale ukazuje to  na to, \u017ee pokud se tomu tak stane, nebudou se s n\u00e1mi negativn\u00ed situace t\u00e1hnout, ale budeme schopni je konstruktivn\u011b vy\u0159e\u0161it.<\/p>\n\n\n\n<p>V oblasti vztah\u016f zaznamen\u00e1me posun k lep\u0161\u00edmu v citech, i v komunikaci. Budeme m\u00edt snahu na\u0161e vztahy zlep\u0161it a h\u00fd\u010dkat si to, co m\u00e1me.<\/p>\n\n\n\n<p>Ot\u00e1zka zdrav\u00ed se v roce 2022 bude dot\u00fdkat p\u0159edev\u0161\u00edm dlouhodob\u011b ne\u0159e\u0161en\u00fdch obt\u00ed\u017e\u00ed, kter\u00e9 vystoup\u00ed na povrch a budou si \u017e\u00e1dat pozornost. V\u0161e v\u0161ak p\u016fjde dob\u0159e a energie bude nastavena na to n\u00e1m pomoci.<\/p>\n\n\n\n<p>Z \u00fahlu v\u00fdvoje koronaviru m\u016f\u017eeme o\u010dek\u00e1vat, \u017ee se zde bude jeho p\u0159\u00edtomnost i nad\u00e1le dr\u017eet,  ale v daleko men\u0161\u00ed nebezpe\u010dnosti, ne\u017e-li d\u0159\u00edve. Nep\u0159\u00edjemn\u00e1 na\u0159\u00edzen\u00ed o omezen\u00edch budou, k na\u0161\u00ed l\u00edtosti, platit i v nadch\u00e1zej\u00edc\u00edm roce.<\/p>\n\n\n\n<p>V oblasti financ\u00ed budeme muset bohu\u017eel s\u00e1hnout do dlouhodob\u00fdch rezerv a tam, kde nejsou bude nejsp\u00ed\u0161 nutn\u00e9 \u0159e\u0161it situaci spl\u00e1tkov\u00fdm kalend\u00e1\u0159em nebo p\u016fj\u010dkou. Nov\u00e9 pen\u00edze k n\u00e1m budou p\u0159ich\u00e1zet velmi obt\u00ed\u017en\u011b a t\u00ed\u017e ne\u017e-li d\u0159\u00edv. V tomto sm\u011bru bude nadch\u00e1zej\u00edc\u00ed rok n\u00e1ro\u010dn\u011bj\u0161\u00ed. D\u00edky \u00fa\u0159edn\u00edm krok\u016f, kter\u00e9 budou podniknuty, bude pro n\u00e1s t\u011b\u017e\u0161\u00ed tuto situaci n\u011bjak zm\u011bnit.<\/p>\n\n\n\n<p>V pracovn\u00ed sf\u00e9\u0159e se budeme bohu\u017eel tak\u00e9 pot\u00fdkat s n\u00e1ro\u010dn\u00fdm obdob\u00edm &#8211; pr\u00e1ce bude hodn\u011b (nebudeme v\u011bd\u011bt, kam d\u0159\u00edve sko\u010dit), ale ohodnocen\u00ed bude slab\u0161\u00ed, tedy pen\u00edze budou tzv. &#8222;vyd\u0159en\u00e9&#8220;, ALE budou.<\/p>\n\n\n\n<p>Rok 2022 je ide\u00e1ln\u00ed na uzav\u0159en\u00ed dlouho b\u011b\u017e\u00edc\u00edch projekt\u016f v\u0161eho druhu a vy\u0159e\u0161en\u00ed rozpracovan\u00e9ho. Sice to nep\u016fjde zcela hladce, ale d\u00edky dobr\u00e9 energii pro spolupr\u00e1ci, komunikaci a nov\u00e9 za\u010d\u00e1tky se v\u0161e poda\u0159\u00ed.<\/p>\n\n\n\n<p>M\u011blo by se za\u010d\u00edt v\u00edce da\u0159it na\u0161im zem\u011bd\u011blc\u016fm a o\u010dek\u00e1vat tak\u00e9 m\u016f\u017eeme v\u011bt\u0161\u00ed odbyt na\u0161ich produkt\u016f. Otev\u00edr\u00e1 se tak\u00e9 nov\u00e1 cesta pro slu\u017eby, gastronomii a hotely. Jedin\u00e9, co jim bude d\u011blat starost, budou nad\u00e1le dr\u017een\u00e1 opat\u0159en\u00ed, kter\u00e1 situaci r\u016fstu \u010d\u00e1ste\u010dn\u011b blokuj\u00ed. P\u0159esto se jim v\u0161ak za\u010dne znovu pomalu da\u0159it.<\/p>\n\n\n\n<p>Obecn\u011b se lid\u00e9 za\u010dnou v\u00edce st\u00fdkat a to i p\u0159es opat\u0159en\u00ed, kter\u00e1 budou m\u00edt nad\u00e1le tendenci se dr\u017eet. <\/p>\n\n\n\n<p>Cestov\u00e1n\u00ed by m\u011blo  b\u00fdt znovu mo\u017en\u00e9, i kdy\u017e s komplikacemi.<\/p>\n\n\n\n<p>\u010ceskou republiku \u010dekaj\u00ed nov\u00e9 za\u010d\u00e1tky, kter\u00e9 by m\u011bly b\u00fdt pro n\u00e1s dobr\u00e9. P\u0159ijde zm\u011bna, kter\u00e1 jak se zd\u00e1 ukon\u010d\u00ed fale\u0161 a intriky.<\/p>\n\n\n\n<p>Celosv\u011btov\u011b se bohu\u017eel mus\u00edme p\u0159ipravit rozr\u016fstaj\u00edc\u00ed se konflikty a krize v\u0161eho druhu. O\u010dek\u00e1vat bychom m\u011bli zem\u011bt\u0159esen\u00ed, z\u00e1plavy, finan\u010dn\u00ed krize, nedostatek vody a potravin, bojov\u00e9 konflikty a rozpolcenou politickou sc\u00e9nu. Bohu\u017eel \u017e\u00e1dn\u00e9 konstruktivn\u00ed n\u00e1vrhy \u010di kroky k \u0159e\u0161en\u00ed nastal\u00fdch situac\u00ed. <\/p>\n\n\n\n<p>I p\u0159esto, \u017ee se ji\u017e del\u0161\u00ed dobu o sv\u011btov\u00e9 krizi mluv\u00ed, budou vl\u00e1dy v\u0161ech zem\u00ed zasko\u010deny, \u017ee se to skute\u010dn\u011b ji\u017e d\u011bje a v jak\u00e9m rozsahu. Zat\u00edm nejsou absolutn\u011b p\u0159ipraveny nastal\u00e9 \u0159e\u0161it.<\/p>\n\n\n\n<p>Na\u0161e zem\u011b v\u0161ak bude relativn\u011b v klidov\u00e9 z\u00f3n\u011b, kter\u00e1 n\u00e1m bude sk\u00fdtat jist\u00e9 bezpe\u010d\u00ed a odstup od t\u011bchto d\u011bj\u016f.<\/p>\n\n\n\n<p>P\u0159es v\u0161echny v\u00fd\u0161e jmenovan\u00e9 slo\u017eitosti, vn\u00edm\u00e1m rok 2022 jako bl\u00fdskaj\u00edc\u00ed se nad\u011bji, kter\u00e1 je zat\u00edm sice st\u00e1le je\u0161t\u011b na obzoru, ale u\u017e pouh\u00fdm sv\u00fdm sv\u011btlem, kter\u00e1 vyd\u00e1v\u00e1, pozitivn\u011b p\u016fsob\u00ed na v\u0161echny, kte\u0159\u00ed se na ni d\u00edvaj\u00ed. D\u00e1v\u00e1 jim nad\u011bji, \u017ee a\u017e se p\u0159ibl\u00ed\u017e\u00ed zcela, tak se zm\u011bna k lep\u0161\u00edmu, kterou p\u0159in\u00e1\u0161\u00ed, stane plnou realitou.<\/p>\n\n\n\n<p>Ji\u017e je to bl\u00edzko, vydr\u017eme je\u0161t\u011b chv\u00edli a budeme moci op\u011bt svobodn\u011b d\u00fdchat a \u017e\u00edt.<\/p>\n\n\n\n<p>P\u0159eji v\u00e1m radostn\u00fd rok 2022, hodn\u011b sil, zdrav\u00ed a pevnou v\u00edru v dobro i lep\u0161\u00ed z\u00edt\u0159ky, kter\u00e9 brzy p\u0159ijdou.<\/p>\n\n\n\n<p>Martina<\/p>\n","protected":false},"excerpt":{"rendered":"<p>Poj\u010fme se pod\u00edvat v jak\u00e9m duchu se ponese rok nach\u00e1zej\u00edc\u00ed a jak\u00e9 energie budou v tomto \u010dase p\u0159evl\u00e1dat. Za\u010d\u00e1tek nov\u00e9ho roku se bude jevit beze zm\u011bny &#8211; m\u016f\u017ee m\u00edt pocit, \u017ee se star\u00e9 energie nikam nepohnuly, trvaj\u00ed a \u017ee se nic nikam neposunulo. Bude m\u00edt tendenci propadat skepsi, \u017ee se nov\u00e9 za\u010d\u00e1tky, kter\u00e9 jsme tak [&hellip;]<\/p>\n","protected":false},"author":1,"featured_media":0,"parent":0,"menu_order":0,"comment_status":"closed","ping_status":"closed","template":"","meta":{"_mc_calendar":[],"footnotes":""},"class_list":["post-5368","page","type-page","status-publish","hentry"],"_links":{"self":[{"href":"https:\/\/astragal.cz\/index.php\/wp-json\/wp\/v2\/pages\/5368","targetHints":{"allow":["GET"]}}],"collection":[{"href":"https:\/\/astragal.cz\/index.php\/wp-json\/wp\/v2\/pages"}],"about":[{"href":"https:\/\/astragal.cz\/index.php\/wp-json\/wp\/v2\/types\/page"}],"author":[{"embeddable":true,"href":"https:\/\/astragal.cz\/index.php\/wp-json\/wp\/v2\/users\/1"}],"replies":[{"embeddable":true,"href":"https:\/\/astragal.cz\/index.php\/wp-json\/wp\/v2\/comments?post=5368"}],"version-history":[{"count":2,"href":"https:\/\/astragal.cz\/index.php\/wp-json\/wp\/v2\/pages\/5368\/revisions"}],"predecessor-version":[{"id":5372,"href":"https:\/\/astragal.cz\/index.php\/wp-json\/wp\/v2\/pages\/5368\/revisions\/5372"}],"wp:attachment":[{"href":"https:\/\/astragal.cz\/index.php\/wp-json\/wp\/v2\/media?parent=5368"}],"curies":[{"name":"wp","href":"https:\/\/api.w.org\/{rel}","templated":true}]}}