{"id":783,"date":"2020-05-09T18:10:27","date_gmt":"2020-05-09T17:10:27","guid":{"rendered":"http:\/\/astragal.cz\/?page_id=783"},"modified":"2020-05-09T19:17:33","modified_gmt":"2020-05-09T18:17:33","slug":"poselstvi-na-rok-2012","status":"publish","type":"page","link":"https:\/\/astragal.cz\/index.php\/poselstvi-na-rok-2012\/","title":{"rendered":"Poselstv\u00ed na rok 2012"},"content":{"rendered":"\n<p>Zl\u00e9 v\u011bci se n\u00e1m st\u00e1vaj\u00ed proto, abychom se zastavili a uv\u011bdomili si, \u017ee \u017eivot je i p\u0159es v\u0161echny p\u0159ek\u00e1\u017eky a tr\u00e1pen\u00ed kr\u00e1sn\u00fd a \u017ee bychom si m\u011bli v\u00e1\u017eit ka\u017ed\u00e9ho dne, kter\u00fd str\u00e1v\u00edme ve zdrav\u00ed prac\u00ed &#8211; v\u010detn\u011b cesty do pr\u00e1ce, pov\u00edd\u00e1n\u00edm s p\u0159\u00e1teli, posezen\u00edm s rodinou, proch\u00e1zkou se psem nebo jen tak d\u00edv\u00e1n\u00edm se na oblohu\u2026<\/p>\n\n\n\n<p>Kdy\u017e se nau\u010d\u00edme sv\u016fj \u017eivot pro\u017e\u00edvat a nejen j\u00edm proch\u00e1zet, kdy\u017e se navr\u00e1t\u00edme do sv\u00e9ho st\u0159edu a dovol\u00edme vesm\u00edrn\u00e9 energii, aby n\u00e1mi prostupovala, zjist\u00edme, \u017ee jsem \u0161\u0165astn\u00ed jenom proto, \u017ee jsme a \u017ee m\u016f\u017eeme \u017e\u00edt, pracovat na sob\u011b a \u00fa\u010dastnit se toho v\u0161eho co n\u00e1m \u017eivot na zemi nab\u00edz\u00ed.<\/p>\n\n\n\n<p>Radujte se z ka\u017ed\u00e9ho dne a ka\u017ed\u00e9ho \u010dlov\u011bka, kter\u00e9ho potk\u00e1te, i kdy\u017e V\u00e1s nazlob\u00ed berte ho jako posla &#8211; zdroj informac\u00ed, mo\u017enost doru\u010den\u00ed odpov\u011bd\u00ed na Va\u0161e ot\u00e1zky.<br> Bu\u010fte \u0161\u0165astn\u00ed z mali\u010dkost\u00ed, nebo\u0165 n\u00e1\u0161 \u017eivot se neskl\u00e1d\u00e1 z ni\u010deho jin\u00e9ho ne\u017e pr\u00e1v\u011b z te\u010f a tady a z toho, jak s t\u00edm nalo\u017e\u00edme :o).                        <\/p>\n\n\n\n<p class=\"has-text-align-center\"><strong>Rok 2012<\/strong><\/p>\n\n\n\n<p>D\u011bj\u00ed se n\u00e1m v\u0161em v tomto roce podivn\u00e9 v\u011bci, d\u00e1 se \u0159\u00edci, \u017ee se doslova zm\u00edt\u00e1me v pocitech a d\u011bj\u00edch okolo n\u00e1s.<\/p>\n\n\n\n<p>To nic, v\u0161echno bude zase dobr\u00e9, jedn\u00e1 se jen o jednu z v\u00fdvojov\u00fdch f\u00e1z\u00ed, kter\u00e9 mus\u00edme v\u0161ichni absolvovat.<\/p>\n\n\n\n<p>Jak ji\u017e jsem se d\u0159\u00edve zmi\u0148ovala, bude rok 2012 z\u00e1sadn\u00ed pro n\u00e1s jako lidstvo z hlediska vztah\u016f (a\u0165 ji\u017e partnersk\u00fdch, rodinn\u00fdch, p\u0159\u00e1telsk\u00fdch nebo pracovn\u00edch), kter\u00e9 mus\u00ed bu\u010f skon\u010dit, nebo se pos\u00edlit, jin\u00e9 volby nen\u00ed.<\/p>\n\n\n\n<p>Jist\u011b ji\u017e to ve sv\u00e9m \u017eivot\u011b pozorujete.<\/p>\n\n\n\n<p>Vid\u00edte zm\u011bny, kter\u00e9 se d\u011bj\u00ed a na kter\u00e9, jako kdyby, nem\u00e1te vliv.<\/p>\n\n\n\n<p>Nen\u00ed to tak zcela pravda \u2013 je na V\u00e1s samotn\u00fdch jak se rozhodnete (chci b\u00fdt nad\u00e1le s t\u00edmto \u010dlov\u011bkem? co mi to d\u00e1v\u00e1?, d\u00e1v\u00e1 mi to v\u016fbec n\u011bco?, kam sm\u011b\u0159uji?, je to tak pro m\u011b spr\u00e1vn\u011b, a spousta dal\u0161\u00edch ot\u00e1zek, kter\u00e9 V\u00e1m budou p\u0159ich\u00e1zet den za dnem).<\/p>\n\n\n\n<p>Zvl\u00e1dneme to, v\u00edm to.<\/p>\n\n\n\n<p>Jen je pot\u0159eba uv\u011bdomit, co se d\u011bje.<\/p>\n\n\n\n<p>Jsme zmaten\u00ed a pln\u00ed pochybnost\u00ed, nejistoty a strachu.<\/p>\n\n\n\n<p>Odlo\u017eme na chv\u00edli to, co pro\u017e\u00edv\u00e1me a pod\u00edvejme se na to jako na film prom\u00edtaj\u00edc\u00ed se p\u0159ed n\u00e1mi. Co vid\u00edte? V\u0161echno co je v n\u011bm m\u016f\u017eete v podstat\u011b zm\u011bnit.<\/p>\n\n\n\n<p>Nedr\u017ete se utkv\u011ble star\u00fdch vzorc\u016f.<\/p>\n\n\n\n<p>C\u00edt\u00edte, \u017ee si se sou\u010dasn\u00fdm partnerem ji\u017e nem\u00e1te co d\u00e1t (p\u0159edat) a \u017ee ji\u017e ve vztahu nechcete setrv\u00e1vat, proto\u017ee V\u00e1s ub\u00edj\u00ed? Nen\u00ed to chyba, je to jen dal\u0161\u00ed v\u00fdvojov\u00fd stupe\u0148. <\/p>\n\n\n\n<p>Jsou vztahy, kter\u00e9 mus\u00ed z r\u016fzn\u00fdch d\u016fvod\u016f pokra\u010dovat d\u00e1l a jsou vztahy, kter\u00e9 se mus\u00ed ukon\u010dit, nebo\u0165 jejich d\u016fvod existence ji\u017e zanikl (lid\u00e9 se nau\u010dili, co m\u011bli).<\/p>\n\n\n\n<p>V\u00edm, \u017ee je to slo\u017eit\u00e9, v\u00edm, jak zmaten\u00ed se nyn\u00ed v mnoha sm\u011brech c\u00edt\u00edte. Tento rok je rok zlom\u016f z\u00e1sadn\u00edch v na\u0161ich \u017eivotech, jako ji\u017e dlouho \u017e\u00e1dn\u00fd nebyl.<\/p>\n\n\n\n<p>M\u011bnit se budou i pracovn\u00ed z\u00e1le\u017eitosti a spousta jin\u00fdch v\u011bc\u00ed.<\/p>\n\n\n\n<p>Jde o to udr\u017eet se tzv. ve sv\u00e9m st\u0159edu, tedy neochv\u011bjn\u011b v\u011bd\u011bt, co chci a co opravdu nechci (v tomto dejte p\u0159edev\u0161\u00edm na intuici, na V\u00e1\u0161 vnit\u0159n\u00ed pocit &#8211; v\u017edy n\u00e1m rad\u00ed spr\u00e1vn\u011b, pokud se V\u00e1m n\u011bco nezd\u00e1, nepochybujte o tom, \u017ee to tak je).<\/p>\n\n\n\n<p>Lidstvo jako takov\u00e9 se posouv\u00e1 d\u00e1le ve sv\u00e9m v\u00fdvoji, z\u00e1konit\u011b, rychleji a jist\u011b.<\/p>\n\n\n\n<p>B\u011bh, kter\u00fd je ur\u010den ned\u00e1 se zm\u011bnit, ale m\u016f\u017eeme zm\u011bnit na\u0161e naz\u00edr\u00e1n\u00ed na n\u011bj, p\u0159esn\u011bji na\u0161e vn\u00edm\u00e1n\u00ed toho, co se d\u011bje.<\/p>\n\n\n\n<p>Nen\u00ed to katastrofa (i kdy\u017e uzn\u00e1v\u00e1m, \u017ee to tak podobn\u011b nyn\u00ed vypad\u00e1). Je to jen dal\u0161\u00ed f\u00e1ze, nic v\u00edc a nic m\u00ed\u0148.<\/p>\n\n\n\n<p>Nyn\u00ed je d\u016fle\u017eit\u00e9 zjistit, zda jsem spokojen tam, kde jsem, zda je m\u00e9 t\u011blo v harmonii s moji mysl\u00ed, zda d\u011bl\u00e1m to, co d\u011blat chci, zda neust\u00e1le dokola nenar\u00e1\u017e\u00edm hlavou proti zdi, zda vid\u00edm, kam sm\u011b\u0159uji a pokud ne pro\u010d tomu tak je co mi v tom br\u00e1n\u00ed, jak se vn\u00edm\u00e1m (jak\u00fd s\u00e1m k sob\u011b a k tomuto sv\u011btu m\u00e1m vztah), jak na m\u011b p\u016fsob\u00ed ostatn\u00ed lid\u00e9 a jak mohu zlep\u0161en\u00ed t\u011bchto interakc\u00ed pomoci?<\/p>\n\n\n\n<p>Jsem ve sv\u00e9m st\u0159edu a co to p\u0159esn\u011b pro m\u011b znamen\u00e1?<br>\nKam sm\u011b\u0159uji a pro\u010d?<br>\nJsou ti lid\u00e9 vedle m\u011b ti, s nimi\u017e chci j\u00edt d\u00e1l?<br>\nV\u00edm, co skute\u010dn\u011b chci, co pot\u0159ebuji, abych byl \u0161\u0165astn\u00fd (vnit\u0159n\u011b klidn\u00fd a ve spojen\u00ed s universem)?<br>\nNapl\u0148uje mne pr\u00e1ce, kterou d\u011bl\u00e1m?<br>\nJak\u00e9 jsou nyn\u00ed moje vztahy s kolegy, \u0161\u00e9fem a jak se v nich c\u00edt\u00edm?<br>\nPokud se l\u00e1mou m\u00e9 vztahy s p\u0159\u00e1teli, pro\u010d tomu tak je, je to tak pro mne v po\u0159\u00e1dku, co to znamen\u00e1?<br>\nPokud c\u00edt\u00edm, \u017ee je n\u011bco \u0161patn\u011b,  v\u00edm co to je a jak to mohu zm\u011bnit?<br>\nJak\u00e9 je m\u00e9 posl\u00e1n\u00ed &#8211; m\u016fj \u00fakol tady?<br>\nKoresponduje m\u016fj \u017eivot s m\u00fdm \u00fakolem &#8211; posl\u00e1n\u00edm &#8211; c\u00edlem zde a s cestou k jeho realizaci?<br>\nJak se nyn\u00ed c\u00edt\u00edm a pro\u010d?<br>\nCo mi br\u00e1n\u00ed b\u00fdt \u0161\u0165astn\u00fd a napln\u011bn\u00fd?<br>\nPo \u010dem vlastn\u011b tou\u017e\u00edm?<br>\nPokud se mi d\u011bj\u00ed jist\u00e9 v\u011bci st\u00e1le dokola, co mi t\u00edm chce vesm\u00edrn\u00e1 s\u00edla \u0159\u00edci (jak\u00fd je toho smysl, co se m\u00e1m nau\u010dit)?<br>\nCo mi zrcadl\u00ed lid\u00e9 kolem m\u011b?<br>\nPro\u010d jist\u00e9 v\u011bci ud\u00e1losti skon\u010dily a jak\u00e9 nov\u00e9 za\u010daly? Jak je vn\u00edm\u00e1m?<\/p>\n\n\n\n<p>Zkr\u00e1tka je \u010das zastavit se nad vlastn\u00edm \u017eivotem a za\u010d\u00edt jej monitorovat \u2013 \u0159e\u0161it!<\/p>\n\n\n\n<p>Tento rok se odehraje mnoho r\u016fzn\u00fdch zm\u011bn, n\u011bkter\u00e9 nebudou podle na\u0161ich p\u0159edstav ani p\u0159\u00edjemn\u00e9 (ale jsou nutn\u00e9 pro n\u00e1\u0161 dal\u0161\u00ed v\u00fdvoj, pro na\u0161e dal\u0161\u00ed sm\u011b\u0159ov\u00e1n\u00ed) a tak\u00e9 mnoho kr\u00e1sn\u00fdch a p\u0159\u00edjemn\u00fdch n\u00e1s obohat\u00ed.<\/p>\n\n\n\n<p>L\u00e1mou se d\u011bjiny, v\u011b\u0159te nebo ne, d\u011bje se n\u011bco naprosto z\u00e1zra\u010dn\u00e9ho, a aby n\u011bco kr\u00e1sn\u00e9ho mohlo p\u0159ij\u00edt, n\u011bco jin\u00e9ho mus\u00ed z\u00e1konit\u011b skon\u010dit (podobn\u011b jako b\u011bh \u017eivota narod\u00ed se d\u00edt\u011b a zam\u0159e star\u00fd \u010dlov\u011bk, tak to prost\u011b je).<\/p>\n\n\n\n<p>Berte to co se d\u011bje jako po\u017eehn\u00e1n\u00ed a ne jako proklet\u00ed, nebo\u0165 zde se jedn\u00e1 o probuzen\u00ed podstaty n\u00e1s sam\u00fdch a to je vz\u00e1cn\u00fd jev, kter\u00fd ji\u017e se v evoluci tohoto lidstva opakovat nebude.<\/p>\n\n\n\n<p>Jsem s V\u00e1mi, celou svou du\u0161\u00ed a bytost\u00ed, c\u00edt\u00edm ty ot\u0159esy v na\u0161ich \u017eivotech.<\/p>\n\n\n\n<p>Bojuji stejn\u011b jako vy.  <\/p>\n\n\n\n<p>M\u00e1 to smysl, posouv\u00e1me se d\u00e1l. Pokud budeme pracovat na sv\u00e9m v\u00fdvoji, zvl\u00e1dneme to a na konci budeme velmi \u0161\u0165astni a napln\u011bni (je to n\u011bco jako proz\u0159en\u00ed, pochopen\u00ed podstaty sv\u011bta a na\u0161\u00ed existence v\u016fbec).<\/p>\n\n\n\n<p>N\u011bkte\u0159\u00ed z v\u00e1s teprve za\u010d\u00ednaj\u00ed, jin\u00ed ji\u017e jsou v ur\u010dit\u00e9m uv\u011bdom\u011bl\u00e9m stupni duchovn\u00edho v\u00fdvoje, nehraje to v\u0161ak roli, posouv\u00e1me se v\u0161ichni bez mo\u017enosti toto ovlivnit, ka\u017ed\u00fd tak jak bylo n\u00e1m d\u00e1no a ur\u010deno.<\/p>\n\n\n\n<p>V\u0161echno bude brzy zase v po\u0159\u00e1dku, v\u00edm to.<\/p>\n\n\n\n<p>Nebojte se a bojujte za samy sebe a za sv\u00e9 \u017eivoty, kter\u00e9 dost\u00e1vaj\u00ed kone\u010dn\u00fd \u0159\u00e1d.<\/p>\n\n\n\n<p>N\u00e1sleduj\u00edc\u00ed rok n\u00e1m kone\u010dn\u011b p\u0159inese harmonii a uspo\u0159\u00e1d\u00e1n\u00ed, m\u00e1me se tedy na co t\u011b\u0161it :o).<\/p>\n\n\n\n<p>Jsem s v\u00e1mi se v\u0161emi a v\u00edm, \u017ee to dok\u00e1\u017eete.<\/p>\n\n\n\n<p>Martina<\/p>\n","protected":false},"excerpt":{"rendered":"<p>Zl\u00e9 v\u011bci se n\u00e1m st\u00e1vaj\u00ed proto, abychom se zastavili a uv\u011bdomili si, \u017ee \u017eivot je i p\u0159es v\u0161echny p\u0159ek\u00e1\u017eky a tr\u00e1pen\u00ed kr\u00e1sn\u00fd a \u017ee bychom si m\u011bli v\u00e1\u017eit ka\u017ed\u00e9ho dne, kter\u00fd str\u00e1v\u00edme ve zdrav\u00ed prac\u00ed &#8211; v\u010detn\u011b cesty do pr\u00e1ce, pov\u00edd\u00e1n\u00edm s p\u0159\u00e1teli, posezen\u00edm s rodinou, proch\u00e1zkou se psem nebo jen tak d\u00edv\u00e1n\u00edm se na [&hellip;]<\/p>\n","protected":false},"author":1,"featured_media":0,"parent":0,"menu_order":0,"comment_status":"closed","ping_status":"closed","template":"","meta":{"_mc_calendar":[],"footnotes":""},"class_list":["post-783","page","type-page","status-publish","hentry"],"_links":{"self":[{"href":"https:\/\/astragal.cz\/index.php\/wp-json\/wp\/v2\/pages\/783","targetHints":{"allow":["GET"]}}],"collection":[{"href":"https:\/\/astragal.cz\/index.php\/wp-json\/wp\/v2\/pages"}],"about":[{"href":"https:\/\/astragal.cz\/index.php\/wp-json\/wp\/v2\/types\/page"}],"author":[{"embeddable":true,"href":"https:\/\/astragal.cz\/index.php\/wp-json\/wp\/v2\/users\/1"}],"replies":[{"embeddable":true,"href":"https:\/\/astragal.cz\/index.php\/wp-json\/wp\/v2\/comments?post=783"}],"version-history":[{"count":3,"href":"https:\/\/astragal.cz\/index.php\/wp-json\/wp\/v2\/pages\/783\/revisions"}],"predecessor-version":[{"id":822,"href":"https:\/\/astragal.cz\/index.php\/wp-json\/wp\/v2\/pages\/783\/revisions\/822"}],"wp:attachment":[{"href":"https:\/\/astragal.cz\/index.php\/wp-json\/wp\/v2\/media?parent=783"}],"curies":[{"name":"wp","href":"https:\/\/api.w.org\/{rel}","templated":true}]}}